{"id":718,"date":"2021-01-03T20:09:29","date_gmt":"2021-01-03T19:09:29","guid":{"rendered":"http:\/\/wordpress.p574366.webspaceconfig.de\/?page_id=718"},"modified":"2021-03-11T14:17:30","modified_gmt":"2021-03-11T13:17:30","slug":"pour-les-managers-de-transition","status":"publish","type":"page","link":"https:\/\/hr-consult-group.de\/fr\/interim-management\/fuer-interimmanager","title":{"rendered":"POUR LES MANAGERS INTERIMAIRES"},"content":{"rendered":"<p>[et_pb_section fb_built=&#8220;1&#8243; fullwidth=&#8220;on&#8220; _builder_version=&#8220;4.7.7&#8243; _module_preset=&#8220;default&#8220; use_background_color_gradient=&#8220;on&#8220; background_color_gradient_start=&#8220;rgba(255,255,255,0.3)&#8220; background_color_gradient_end=&#8220;rgba(255,255,255,0.3)&#8220; background_color_gradient_overlays_image=&#8220;on&#8220; background_enable_image=&#8220;off&#8220;][et_pb_fullwidth_header title=&#8220;F\u00fcr INTERIM MANAGER&#8220; header_fullscreen=&#8220;on&#8220; header_scroll_down=&#8220;on&#8220; scroll_down_icon_color=&#8220;#ffffff&#8220; _builder_version=&#8220;4.9.0&#8243; _module_preset=&#8220;default&#8220; title_font_size=&#8220;45px&#8220; content_font_size=&#8220;17px&#8220; subhead_font_size=&#8220;25px&#8220; background_color=&#8220;rgba(0,0,0,0)&#8220; background_image=&#8220;https:\/\/hr-consult-group.de\/wp-content\/uploads\/2021\/02\/fabio-rodrigues-iuLMNZkXsSw-unsplash-scaled.jpg&#8220; parallax=&#8220;on&#8220; background_last_edited=&#8220;on|phone&#8220; parallax_phone=&#8220;off&#8220; background_size_phone=&#8220;cover&#8220; background_position_phone=&#8220;bottom_left&#8220;][\/et_pb_fullwidth_header][\/et_pb_section][et_pb_section fb_built=&#8220;1&#8243; specialty=&#8220;on&#8220; custom_padding_last_edited=&#8220;on|tablet&#8220; padding_top_bottom_link_1=&#8220;false&#8220; padding_left_right_link_1=&#8220;false&#8220; admin_label=&#8220;Stats&#8220; _builder_version=&#8220;4.9.0&#8243; background_color=&#8220;#efefef&#8220; use_background_color_gradient=&#8220;on&#8220; background_color_gradient_start=&#8220;rgba(239,239,239,0.55)&#8220; background_color_gradient_end=&#8220;#efefef&#8220; background_color_gradient_type=&#8220;radial&#8220; background_color_gradient_direction_radial=&#8220;top left&#8220; background_color_gradient_start_position=&#8220;20%&#8220; background_color_gradient_end_position=&#8220;60%&#8220; background_color_gradient_overlays_image=&#8220;on&#8220; background_image=&#8220;https:\/\/hr-consult-group.de\/wp-content\/uploads\/2021\/02\/ruthson-zimmerman-Ws4wd-vJ9M0-unsplash-scaled.jpg&#8220; overflow-x=&#8220;hidden&#8220; overflow-y=&#8220;hidden&#8220; custom_padding=&#8220;200px||||false|false&#8220; custom_padding_tablet=&#8220;0px||||false|false&#8220; custom_padding_phone=&#8220;&#8220; background_color_phone=&#8220;#FFFFFF&#8220; background_last_edited=&#8220;on|phone&#8220; background_enable_color_phone=&#8220;on&#8220; use_background_color_gradient_phone=&#8220;off&#8220; background_enable_image_phone=&#8220;off&#8220; locked=&#8220;off&#8220;][et_pb_column type=&#8220;1_2&#8243; specialty_columns=&#8220;2&#8243; _builder_version=&#8220;3.25&#8243; custom_padding=&#8220;|||&#8220; custom_padding__hover=&#8220;|||&#8220;][\/et_pb_column][et_pb_column type=&#8220;1_2&#8243; _builder_version=&#8220;3.25&#8243; custom_padding=&#8220;|||&#8220; custom_padding__hover=&#8220;|||&#8220;][et_pb_text _builder_version=&#8220;4.9.0&#8243; header_font=&#8220;Oswald|500||on|||||&#8220; header_2_font=&#8220;Oswald|500||on|||||&#8220; header_2_font_size=&#8220;100px&#8220; header_2_line_height=&#8220;1.2em&#8220; header_3_font=&#8220;Oswald|500||on|||||&#8220; header_4_font=&#8220;Oswald|500||on|||||&#8220; header_5_font=&#8220;Oswald|500||on|||||&#8220; header_6_font=&#8220;Oswald|500||on|||||&#8220; max_width=&#8220;600px&#8220; custom_margin_tablet=&#8220;&#8220; custom_margin_phone=&#8220;10%||||false|false&#8220; custom_margin_last_edited=&#8220;on|phone&#8220; header_2_font_size_tablet=&#8220;60px&#8220; header_2_font_size_phone=&#8220;30px&#8220; header_2_font_size_last_edited=&#8220;on|phone&#8220; locked=&#8220;off&#8220;]<\/p>\n<h2>Sie sind Gefragt!<\/h2>\n<h2><\/h2>\n<p>[\/et_pb_text][et_pb_text _builder_version=&#8220;4.7.7&#8243; text_font=&#8220;Merriweather||||||||&#8220; text_font_size=&#8220;16px&#8220; text_line_height=&#8220;2em&#8220; custom_margin=&#8220;30px||||false|false&#8220; text_font_size_tablet=&#8220;15px&#8220; text_font_size_phone=&#8220;14px&#8220; text_font_size_last_edited=&#8220;on|phone&#8220; locked=&#8220;off&#8220;]<\/p>\n<p><span>Sie sind als Interim Manager\/in in Deutschland derzeit gefragt wie nie zuvor. Das belegt die aktuelle Umfrage des DDIM (Dachgesellschaft Deutsches Interim Management) unter Mitgliedern und assoziierten Interim Management Providern.<\/span><\/p>\n<p>Die zeitlich befristete \u00dcbernahme von Fach- und F\u00fchrungsaufgaben durch selbstst\u00e4ndige Interim Manager und Experten auf Zeit wie Sie wird branchen\u00fcbergreifend zunehmend wichtiger.\u00a0<\/p>\n<p>Gleichzeitig wird die Suche nach passgenauen Kandidaten immer komplexer \u2013 denn vor dem Hintergrund von konjunkturellen Schwankungen, Digitalisierung und Globalisierung werden von Interim Managern immer h\u00e4ufiger Kompetenzen erwartet, die \u00fcber das eigentliche Branchen- und Berufswissen hinaus gehen. Wir bringen Sie in unserem gro\u00dfen Kundenkreis ins richtige Mandat.<\/p>\n<p>[\/et_pb_text][\/et_pb_column][\/et_pb_section][et_pb_section fb_built=&#8220;1&#8243; custom_padding_last_edited=&#8220;on|phone&#8220; _builder_version=&#8220;4.9.0&#8243; _module_preset=&#8220;default&#8220; custom_padding_tablet=&#8220;&#8220; custom_padding_phone=&#8220;0px||0px||false|false&#8220;][et_pb_row column_structure=&#8220;1_2,1_2&#8243; use_custom_gutter=&#8220;on&#8220; gutter_width=&#8220;1&#8243; make_equal=&#8220;on&#8220; custom_padding_last_edited=&#8220;on|phone&#8220; _builder_version=&#8220;4.9.0&#8243; _module_preset=&#8220;default&#8220; width=&#8220;100%&#8220; max_width=&#8220;100%&#8220; custom_margin_tablet=&#8220;&#8220; custom_margin_phone=&#8220;-25px||0px||false|false&#8220; custom_margin_last_edited=&#8220;on|phone&#8220; custom_padding=&#8220;|80px||80px|false|true&#8220; custom_padding_tablet=&#8220;&#8220; custom_padding_phone=&#8220;|10%|0px|10%|false|true&#8220;][et_pb_column type=&#8220;1_2&#8243; _builder_version=&#8220;4.7.7&#8243; _module_preset=&#8220;default&#8220;][et_pb_text _builder_version=&#8220;4.9.0&#8243; text_font_size=&#8220;15px&#8220; header_font=&#8220;Oswald|500||on|||||&#8220; header_2_font=&#8220;Oswald|500||on|||||&#8220; header_2_font_size=&#8220;70px&#8220; header_2_line_height=&#8220;1.2em&#8220; header_3_font=&#8220;Oswald|500||on|||||&#8220; header_4_font=&#8220;Oswald|500||on|||||&#8220; header_5_font=&#8220;Oswald|500||on|||||&#8220; header_6_font=&#8220;Oswald|500||on|||||&#8220; max_width=&#8220;600px&#8220; max_width_tablet=&#8220;&#8220; max_width_phone=&#8220;&#8220; max_width_last_edited=&#8220;on|phone&#8220; custom_margin=&#8220;-1px||||false|false&#8220; custom_padding=&#8220;10%||||false|false&#8220; custom_padding_tablet=&#8220;&#8220; custom_padding_phone=&#8220;0%||||false|false&#8220; custom_padding_last_edited=&#8220;on|phone&#8220; text_font_size_tablet=&#8220;&#8220; text_font_size_phone=&#8220;13px&#8220; text_font_size_last_edited=&#8220;on|phone&#8220; header_2_font_size_tablet=&#8220;60px&#8220; header_2_font_size_phone=&#8220;30px&#8220; header_2_font_size_last_edited=&#8220;on|phone&#8220; locked=&#8220;off&#8220;]<\/p>\n<h2>Unser Leistungsangebot f\u00fcr Interimsmanager<\/h2>\n<p>&nbsp;<\/p>\n<p>Als Teil der HR Consult Group AG besetzen unsere 100+ Partner und Berater j\u00e4hrlich mehr als 1.000 Positionen in Festanstellung und als Interim Mandate.<\/p>\n<p>Mit 25 Jahren Marktpr\u00e4senz und mehr als 23.000 erfolgreichen Besetzungen verf\u00fcgen wir \u00fcber einen Erfahrungsschatz und einen Kundenzugang wie kaum ein zweiter Personalberater oder Interim Management Provider.<\/p>\n<p>[\/et_pb_text][et_pb_button button_url=&#8220;http:\/\/interim.senator-partners.de\/&#8220; url_new_window=&#8220;on&#8220; button_text=&#8220;Jetzt als Interimmanager registrieren&#8220; button_alignment=&#8220;right&#8220; _builder_version=&#8220;4.9.0&#8243; _module_preset=&#8220;default&#8220; button_text_color=&#8220;#6d787e&#8220; button_bg_color=&#8220;rgba(0,0,0,0)&#8220; button_border_radius=&#8220;12px&#8220; button_letter_spacing=&#8220;5px&#8220; button_icon=&#8220;%%24%%&#8220; button_icon_placement=&#8220;left&#8220; transform_translate=&#8220;-3px|-3px&#8220; custom_margin=&#8220;95px|50px|||false|false&#8220; locked=&#8220;off&#8220;][\/et_pb_button][\/et_pb_column][et_pb_column type=&#8220;1_2&#8243; _builder_version=&#8220;4.7.7&#8243; _module_preset=&#8220;default&#8220;][et_pb_text _builder_version=&#8220;4.9.0&#8243; text_font=&#8220;Merriweather||||||||&#8220; text_font_size=&#8220;15px&#8220; text_line_height=&#8220;2em&#8220; module_alignment=&#8220;left&#8220; custom_margin=&#8220;||||false|false&#8220; custom_margin_tablet=&#8220;&#8220; custom_margin_phone=&#8220;||10%||false|false&#8220; custom_margin_last_edited=&#8220;on|phone&#8220; custom_padding_tablet=&#8220;&#8220; custom_padding_phone=&#8220;&#8220; custom_padding_last_edited=&#8220;on|phone&#8220; text_font_size_tablet=&#8220;15px&#8220; text_font_size_phone=&#8220;13px&#8220; text_font_size_last_edited=&#8220;on|phone&#8220; locked=&#8220;off&#8220;]<\/p>\n<p><i class=\"material-icons\"><br \/> done<\/i>Projektbezogene pers\u00f6nliche Betreuung durch unsere langj\u00e4hrig erfahrenen Interim Management Partner.<br \/> <i class=\"material-icons\"><\/i><i class=\"material-icons\"><br \/> done<\/i><span>Kompetente Unterst\u00fctzung beim Einstieg ins Interim Management und bei der Suche nach passenden Projekten f\u00fcr unsere Interim Manager.<\/span><br \/> <i class=\"material-icons\"><br \/> done<\/i><span>Stets offene, wertsch\u00e4tzende und unmittelbare Kommunikation in allen Phasen eines Projekts (und das gilt auch in F\u00e4llen, wenn sich unser Kunde f\u00fcr einen anderen Experten entscheiden sollte).<\/span><br \/> <i class=\"material-icons\"><br \/> done<\/i><span>Wir \u00fcbernehmen die interimistische Mandatierung f\u00fcr unsere Kunden ausschlie\u00dflich auf exklusiver Basis und verhindern somit Doppelansprachen sowie das Risiko, dass der Aufwand unserer Interim Manager wie auch unser eigner Aufwand nicht honoriert wird. <\/span><br \/> <i class=\"material-icons\"><br \/> done<\/i>Modernste Technik in unserer propriet\u00e4ren Datenbank erm\u00f6glicht die passgenaue Kandidatenidentifikation f\u00fcr unsere Kundenanfragen und verhindert somit weitgehend Fehlansprachen unserer Interim Manager.<br \/> <i class=\"material-icons\"><br \/> done<\/i>Rechtssicherheit dank langj\u00e4hriger Erfahrung und umfassender juristischer Kompetenz erm\u00f6glicht optimale vertragliche Ausgestaltung sowie Gestaltung eines Einsatzes als Interim Managers zur Vermeidung von Themen wie Haftung oder Scheinselbst\u00e4ndigkeit<br \/> <i class=\"material-icons\"><br \/> done<\/i>Datenschutz und Vertraulichkeit haben bei uns h\u00f6chsten Wert. Unsere Prozesse und Datenbanken sind umfassend DSGVO-konform. Wir speichern alle Lebensl\u00e4ufe ausschlie\u00dflich digital in unserer eigens gesicherten Offline-Datenbank. Wir pr\u00e4sentieren unseren Kunden Profile unserer Interim Manager ausschlie\u00dflich nach R\u00fccksprache mit diesen.<br \/> <i class=\"material-icons\"><br \/> done<\/i>Die Aufnahme in unseren Pool ist f\u00fcr Manager kostenlos. Der Einsatz unserer Interim Manager wird ausschlie\u00dflich von unseren Kunden bezahlt. Unsere Provisionen sind gegen\u00fcber allen Parteien fair und transparent und orientieren sich nicht am Stunden- oder Tagessatz unserer Interim Manager, sondern ausschlie\u00dflich an festen S\u00e4tzen. Wir lehnen die prozentuale Provisionierung als Gesch\u00e4ftsgrundlage ab, da diese zumeist nur den Interessenten des Providers dient.<br \/> <i class=\"material-icons\"><br \/> done<\/i>Als zertifiziertes Personalberatungsunternehmen orientieren wir uns an den Qualit\u00e4tsstandards des BDU.<\/p>\n<p>[\/et_pb_text][\/et_pb_column][\/et_pb_row][\/et_pb_section][et_pb_section fb_built=&#8220;1&#8243; disabled_on=&#8220;on|on|off&#8220; _builder_version=&#8220;4.9.0&#8243; _module_preset=&#8220;default&#8220; background_enable_color=&#8220;off&#8220; use_background_color_gradient=&#8220;on&#8220; background_color_gradient_start=&#8220;#ffffff&#8220; background_color_gradient_end=&#8220;rgba(87,130,217,0.74)&#8220; background_color_gradient_direction=&#8220;90deg&#8220; background_color_gradient_start_position=&#8220;50%&#8220; background_color_gradient_end_position=&#8220;0%&#8220; background_color_gradient_overlays_image=&#8220;on&#8220; background_image=&#8220;https:\/\/hr-consult-group.de\/wp-content\/uploads\/2020\/12\/pexels-fauxels-3183148-scaled-1.jpg&#8220; height=&#8220;50vh&#8220; custom_padding=&#8220;20vh||||false|false&#8220; top_divider_style=&#8220;arrow&#8220; top_divider_color=&#8220;rgba(65,115,216,0.45)&#8220; top_divider_height=&#8220;50vh&#8220;][et_pb_row _builder_version=&#8220;4.7.7&#8243; _module_preset=&#8220;default&#8220;][et_pb_column type=&#8220;4_4&#8243; _builder_version=&#8220;4.7.7&#8243; _module_preset=&#8220;default&#8220;][et_pb_text _builder_version=&#8220;4.8.2&#8243; text_font=&#8220;|600|||||||&#8220; text_line_height=&#8220;1.8em&#8220; header_2_font=&#8220;Oswald|500||on|||||&#8220; header_2_font_size=&#8220;80px&#8220; header_4_font=&#8220;Merriweather||||||||&#8220; header_4_text_color=&#8220;#a7111b&#8220; header_4_line_height=&#8220;1.4em&#8220; header_2_font_size_tablet=&#8220;60px&#8220; header_2_font_size_phone=&#8220;35px&#8220; header_2_font_size_last_edited=&#8220;on|phone&#8220; header_4_font_size_tablet=&#8220;20px&#8220; header_4_font_size_phone=&#8220;14px&#8220; header_4_font_size_last_edited=&#8220;on|phone&#8220; locked=&#8220;off&#8220;]<\/p>\n<h2>Unsere<\/h2>\n<h2>Erwartungen<\/h2>\n<p>[\/et_pb_text][\/et_pb_column][\/et_pb_row][\/et_pb_section][et_pb_section fb_built=&#8220;1&#8243; disabled_on=&#8220;off|off|on&#8220; _builder_version=&#8220;4.9.0&#8243; _module_preset=&#8220;default&#8220; background_color=&#8220;#5782d9&#8243; background_color_gradient_direction=&#8220;90deg&#8220; background_enable_image=&#8220;off&#8220; custom_margin=&#8220;0px||||false|false&#8220; custom_padding=&#8220;5%||5%||true|false&#8220; top_divider_style=&#8220;arrow&#8220; top_divider_color=&#8220;RGBA(0,0,0,0)&#8220; top_divider_height=&#8220;50vh&#8220;][et_pb_row _builder_version=&#8220;4.9.0&#8243; _module_preset=&#8220;default&#8220; custom_margin=&#8220;0px|auto||auto|false|false&#8220; custom_padding=&#8220;0px||0px||false|false&#8220;][et_pb_column type=&#8220;4_4&#8243; _builder_version=&#8220;4.7.7&#8243; _module_preset=&#8220;default&#8220;][et_pb_text _builder_version=&#8220;4.9.0&#8243; text_font=&#8220;|600|||||||&#8220; text_line_height=&#8220;1.8em&#8220; header_2_font=&#8220;Oswald|500||on|||||&#8220; header_2_font_size=&#8220;80px&#8220; header_4_font=&#8220;Merriweather||||||||&#8220; header_4_text_color=&#8220;#a7111b&#8220; header_4_line_height=&#8220;1.4em&#8220; custom_margin=&#8220;0px||||false|false&#8220; custom_padding=&#8220;0px|||||&#8220; header_2_font_size_tablet=&#8220;60px&#8220; header_2_font_size_phone=&#8220;35px&#8220; header_2_font_size_last_edited=&#8220;on|phone&#8220; header_4_font_size_tablet=&#8220;20px&#8220; header_4_font_size_phone=&#8220;14px&#8220; header_4_font_size_last_edited=&#8220;on|phone&#8220; locked=&#8220;off&#8220;]<\/p>\n<h2><span style=\"color: #ffffff;\">Unsere<\/span><\/h2>\n<h2><span style=\"color: #ffffff;\">Erwartungen<\/span><\/h2>\n<p>[\/et_pb_text][\/et_pb_column][\/et_pb_row][\/et_pb_section][et_pb_section fb_built=&#8220;1&#8243; custom_padding_last_edited=&#8220;on|phone&#8220; _builder_version=&#8220;4.9.0&#8243; _module_preset=&#8220;default&#8220; custom_margin_tablet=&#8220;&#8220; custom_margin_phone=&#8220;||0px||false|false&#8220; custom_margin_last_edited=&#8220;on|phone&#8220; custom_padding_tablet=&#8220;&#8220; custom_padding_phone=&#8220;||0px||false|false&#8220;][et_pb_row column_structure=&#8220;1_2,1_2&#8243; use_custom_gutter=&#8220;on&#8220; gutter_width=&#8220;1&#8243; make_equal=&#8220;on&#8220; custom_padding_last_edited=&#8220;on|phone&#8220; _builder_version=&#8220;4.9.0&#8243; _module_preset=&#8220;default&#8220; width=&#8220;100%&#8220; max_width=&#8220;100%&#8220; custom_padding=&#8220;|80px||80px|false|true&#8220; custom_padding_tablet=&#8220;&#8220; custom_padding_phone=&#8220;|10%||10%|false|true&#8220;][et_pb_column type=&#8220;1_2&#8243; _builder_version=&#8220;4.7.7&#8243; _module_preset=&#8220;default&#8220;][et_pb_text _builder_version=&#8220;4.9.0&#8243; header_font=&#8220;Oswald|500||on|||||&#8220; header_2_font=&#8220;Oswald|500||on|||||&#8220; header_2_font_size=&#8220;70px&#8220; header_2_line_height=&#8220;1.2em&#8220; header_3_font=&#8220;Oswald|500||on|||||&#8220; header_4_font=&#8220;Oswald|500||on|||||&#8220; header_5_font=&#8220;Oswald|500||on|||||&#8220; header_6_font=&#8220;Oswald|500||on|||||&#8220; max_width=&#8220;600px&#8220; custom_margin=&#8220;0px||||false|false&#8220; custom_margin_tablet=&#8220;&#8220; custom_margin_phone=&#8220;-75px||||false|false&#8220; custom_margin_last_edited=&#8220;on|phone&#8220; custom_padding=&#8220;10%||0px||false|false&#8220; header_2_font_size_tablet=&#8220;60px&#8220; header_2_font_size_phone=&#8220;30px&#8220; header_2_font_size_last_edited=&#8220;on|phone&#8220; locked=&#8220;off&#8220;]<\/p>\n<h2>Fachlich<\/h2>\n<p>[\/et_pb_text][et_pb_text _builder_version=&#8220;4.9.0&#8243; text_font=&#8220;Merriweather||||||||&#8220; text_font_size=&#8220;15px&#8220; text_line_height=&#8220;2em&#8220; module_alignment=&#8220;left&#8220; custom_margin=&#8220;||||false|false&#8220; custom_padding=&#8220;|85px||||&#8220; custom_padding_tablet=&#8220;&#8220; custom_padding_phone=&#8220;|0px|||false|false&#8220; custom_padding_last_edited=&#8220;on|phone&#8220; text_font_size_tablet=&#8220;15px&#8220; text_font_size_phone=&#8220;13px&#8220; text_font_size_last_edited=&#8220;on|phone&#8220; locked=&#8220;off&#8220;]<\/p>\n<p><i class=\"material-icons\"><br \/> done<\/i>Langj\u00e4hrige Erfahrung als Fach- und\/oder F\u00fchrungskraft: Grunds\u00e4tzlich gehen wir davon aus, dass ein Interim Manager \u00fcber mindestens 15 Jahre Berufserfahrung verf\u00fcgt; abh\u00e4ngig von der Art des Mandates erwarten wir bei Leitungsfunktionen mindestens 10 Jahre F\u00fchrungserfahrung. Bei Eins\u00e4tzen von Fachkr\u00e4ften\/Spezialisten, wie z.B. im Controlling oder in der IT, stellt dies aber ein untergeordnetes Kriterium dar. In organschaftliche Mandate vermitteln wir Kandidaten, die bereits fr\u00fcher auf C-Level t\u00e4tig waren.<br \/> <i class=\"material-icons\"><\/i><i class=\"material-icons\"><br \/> done<\/i><span>Branchen- und Funktions-Know-How: Viele Unternehmen setzen bei unterschiedlichen Projekten und Vakanz\u00fcberbr\u00fcckungen auf Experten, mit denen sie bereits zusammengearbeitet haben. Wir glauben nicht an eine generalistische Kompetenz und suchen f\u00fcr jede Herausforderung den besten fachlich versierten Experten.<\/span><br \/> <i class=\"material-icons\"><br \/> done<\/i><span>Erfahrung im Mittelstand, in Familienunternehmen und\/oder mittelst\u00e4ndisch gepr\u00e4gten Strukturen bzw. in Gro\u00dfunternehmen.<\/span><\/p>\n<p>[\/et_pb_text][\/et_pb_column][et_pb_column type=&#8220;1_2&#8243; _builder_version=&#8220;4.7.7&#8243; _module_preset=&#8220;default&#8220;][et_pb_text _builder_version=&#8220;4.9.0&#8243; header_font=&#8220;Oswald|500||on|||||&#8220; header_2_font=&#8220;Oswald|500||on|||||&#8220; header_2_font_size=&#8220;70px&#8220; header_2_line_height=&#8220;1.2em&#8220; header_3_font=&#8220;Oswald|500||on|||||&#8220; header_4_font=&#8220;Oswald|500||on|||||&#8220; header_5_font=&#8220;Oswald|500||on|||||&#8220; header_6_font=&#8220;Oswald|500||on|||||&#8220; max_width=&#8220;600px&#8220; custom_margin=&#8220;0px|||85px|false|false&#8220; custom_margin_tablet=&#8220;&#8220; custom_margin_phone=&#8220;0px|||0px|false|false&#8220; custom_margin_last_edited=&#8220;on|phone&#8220; custom_padding=&#8220;10%||10%||true|false&#8220; header_2_font_size_tablet=&#8220;60px&#8220; header_2_font_size_phone=&#8220;30px&#8220; header_2_font_size_last_edited=&#8220;on|phone&#8220; locked=&#8220;off&#8220;]<\/p>\n<h2>Pers\u00f6nlich<\/h2>\n<p>[\/et_pb_text][et_pb_text _builder_version=&#8220;4.9.0&#8243; text_font=&#8220;Merriweather||||||||&#8220; text_font_size=&#8220;15px&#8220; text_line_height=&#8220;2em&#8220; module_alignment=&#8220;left&#8220; custom_margin=&#8220;||||false|false&#8220; custom_margin_tablet=&#8220;&#8220; custom_margin_phone=&#8220;-25px||||false|false&#8220; custom_margin_last_edited=&#8220;on|phone&#8220; custom_padding=&#8220;|||85px||&#8220; custom_padding_tablet=&#8220;&#8220; custom_padding_phone=&#8220;|||0px|false|false&#8220; custom_padding_last_edited=&#8220;on|phone&#8220; text_font_size_tablet=&#8220;15px&#8220; text_font_size_phone=&#8220;13px&#8220; text_font_size_last_edited=&#8220;on|phone&#8220; locked=&#8220;off&#8220;]<\/p>\n<p><i class=\"material-icons\"><br \/> done<\/i>Bereitschaft und F\u00e4higkeit, immer wieder neue Herausforderungen anzunehmen.<br \/> <i class=\"material-icons\"><\/i><i class=\"material-icons\"><br \/> done<\/i><span>Schnelle Auffassungsgabe, um sich in neue Projekte und Umgebungen z\u00fcgig einarbeiten zu k\u00f6nnen.<\/span><br \/> <i class=\"material-icons\"><br \/> done<\/i><span>Hands On Mentalit\u00e4t: Handlungsorientierung, Umsetzungsst\u00e4rke und der Wille, selbst anzupacken und Probleme selbst zu l\u00f6sen.<\/span><br \/> <i class=\"material-icons\"><br \/> done<\/i><span>Teamgeist und die F\u00e4higkeit, Kollegen \u201emitzunehmen\u201c<\/span><br \/> <i class=\"material-icons\"><br \/> done<\/i>Flexibilit\u00e4t, da Projekte oft kurzfristig zu besetzen sind.<br \/> <i class=\"material-icons\"><br \/> done<\/i>\u00dcberregionale Verf\u00fcgbarkeit und Reisebereitschaft.<br \/> <i class=\"material-icons\"><br \/> done<\/i>Zumindest in deutschsprachigen Raum hervorragende Kenntnisse der deutschen und zumeist auch der englischen Sprache.<\/p>\n<p>[\/et_pb_text][\/et_pb_column][\/et_pb_row][\/et_pb_section][et_pb_section fb_built=&#8220;1&#8243; _builder_version=&#8220;4.9.0&#8243; _module_preset=&#8220;default&#8220; custom_margin_tablet=&#8220;&#8220; custom_margin_phone=&#8220;0px||||false|false&#8220; custom_margin_last_edited=&#8220;on|phone&#8220; locked=&#8220;off&#8220;][et_pb_row _builder_version=&#8220;4.9.0&#8243; _module_preset=&#8220;default&#8220; custom_margin_tablet=&#8220;&#8220; custom_margin_phone=&#8220;0px||||false|false&#8220; custom_margin_last_edited=&#8220;on|phone&#8220;][et_pb_column type=&#8220;4_4&#8243; _builder_version=&#8220;4.7.7&#8243; _module_preset=&#8220;default&#8220;][et_pb_text content_tablet=&#8220;&#8220; content_phone=&#8220;<\/p>\n<h2 style=%22text-align: left;%22>Registrierung als INTERIM MANAGER<\/h2>\n<p>&#8220; content_last_edited=&#8220;on|phone&#8220; _builder_version=&#8220;4.9.0&#8243; header_font=&#8220;Oswald|500||on|||||&#8220; header_2_font=&#8220;Oswald|500||on|||||&#8220; header_2_font_size=&#8220;70px&#8220; header_2_line_height=&#8220;1.2em&#8220; header_3_font=&#8220;Oswald|500||on|||||&#8220; header_4_font=&#8220;Oswald|500||on|||||&#8220; header_5_font=&#8220;Oswald|500||on|||||&#8220; header_6_font=&#8220;Oswald|500||on|||||&#8220; text_orientation=&#8220;center&#8220; custom_margin=&#8220;0px||||false|false&#8220; custom_padding=&#8220;||0px||false|false&#8220; header_2_font_size_tablet=&#8220;60px&#8220; header_2_font_size_phone=&#8220;30px&#8220; header_2_font_size_last_edited=&#8220;on|phone&#8220; locked=&#8220;off&#8220;]<\/p>\n<h2>Registrierung als INTERIM MANAGER<\/h2>\n<p>[\/et_pb_text][\/et_pb_column][\/et_pb_row][et_pb_row column_structure=&#8220;1_2,1_2&#8243; _builder_version=&#8220;4.9.0&#8243; _module_preset=&#8220;default&#8220; custom_margin_tablet=&#8220;&#8220; custom_margin_phone=&#8220;-20px||0px||false|false&#8220; custom_margin_last_edited=&#8220;on|phone&#8220;][et_pb_column type=&#8220;1_2&#8243; _builder_version=&#8220;4.7.7&#8243; _module_preset=&#8220;default&#8220;][et_pb_text _builder_version=&#8220;4.9.0&#8243; _module_preset=&#8220;default&#8220; text_font_size=&#8220;15px&#8220;]<\/p>\n<p>Soweit Sie \u00fcber einen aktuellen Lebenslauf verf\u00fcgen, k\u00f6nnen Sie sich \u00fcber den unten stehenden Link in unserer propriet\u00e4ren Datenbank registrieren. Der Registrierungsprozess und der Upload Ihrer Dokumente ist innerhalb von ca. 5 Minuten geschehen und bietet uns auf Basis unserer modernen Technologie (AI-unterst\u00fctzte semantische Recherche aller Unterlagen) alle Informationen f\u00fcr eine passgenaue Kandidatenidentifikation.<\/p>\n<p>Wir freuen uns sehr auf eine Zusammenarbeit mit Ihnen!<\/p>\n<p>[\/et_pb_text][et_pb_button button_url=&#8220;http:\/\/interim.senator-partners.de\/&#8220; url_new_window=&#8220;on&#8220; button_text=&#8220;Jetzt als Interim Manager registrieren&#8220; button_alignment=&#8220;right&#8220; _builder_version=&#8220;4.9.0&#8243; _module_preset=&#8220;default&#8220; button_text_color=&#8220;#6d787e&#8220; button_bg_color=&#8220;rgba(0,0,0,0)&#8220; button_border_radius=&#8220;12px&#8220; button_letter_spacing=&#8220;5px&#8220; button_icon=&#8220;%%24%%&#8220; button_icon_placement=&#8220;left&#8220; transform_translate=&#8220;-3px|-3px&#8220; custom_margin=&#8220;50px|50px|||false|false&#8220; hover_enabled=&#8220;0&#8243; locked=&#8220;off&#8220; sticky_enabled=&#8220;0&#8243;][\/et_pb_button][\/et_pb_column][et_pb_column type=&#8220;1_2&#8243; _builder_version=&#8220;4.7.7&#8243; _module_preset=&#8220;default&#8220;][et_pb_image src=&#8220;https:\/\/hr-consult-group.de\/wp-content\/uploads\/2021\/02\/interim_logo_80-removebg-preview.png&#8220; title_text=&#8220;interim_logo_80-removebg-preview&#8220; force_fullwidth=&#8220;on&#8220; disabled_on=&#8220;on|on|off&#8220; _builder_version=&#8220;4.9.0&#8243; _module_preset=&#8220;default&#8220;][\/et_pb_image][\/et_pb_column][\/et_pb_row][\/et_pb_section]<\/p>\n","protected":false},"excerpt":{"rendered":"<p>Sie sind Gefragt! Sie sind als Interim Manager\/in in Deutschland derzeit gefragt wie nie zuvor. Das belegt die aktuelle Umfrage des DDIM (Dachgesellschaft Deutsches Interim Management) unter Mitgliedern und assoziierten Interim Management Providern. Die zeitlich befristete \u00dcbernahme von Fach- und F\u00fchrungsaufgaben durch selbstst\u00e4ndige Interim Manager und Experten auf Zeit wie Sie wird branchen\u00fcbergreifend zunehmend wichtiger.\u00a0 [&hellip;]<\/p>\n","protected":false},"author":3,"featured_media":0,"parent":243,"menu_order":0,"comment_status":"closed","ping_status":"closed","template":"","meta":{"_et_pb_use_builder":"on","_et_pb_old_content":"","_et_gb_content_width":"","iawp_total_views":37,"footnotes":""},"class_list":["post-718","page","type-page","status-publish","hentry"],"_links":{"self":[{"href":"https:\/\/hr-consult-group.de\/fr\/wp-json\/wp\/v2\/pages\/718","targetHints":{"allow":["GET"]}}],"collection":[{"href":"https:\/\/hr-consult-group.de\/fr\/wp-json\/wp\/v2\/pages"}],"about":[{"href":"https:\/\/hr-consult-group.de\/fr\/wp-json\/wp\/v2\/types\/page"}],"author":[{"embeddable":true,"href":"https:\/\/hr-consult-group.de\/fr\/wp-json\/wp\/v2\/users\/3"}],"replies":[{"embeddable":true,"href":"https:\/\/hr-consult-group.de\/fr\/wp-json\/wp\/v2\/comments?post=718"}],"version-history":[{"count":28,"href":"https:\/\/hr-consult-group.de\/fr\/wp-json\/wp\/v2\/pages\/718\/revisions"}],"predecessor-version":[{"id":4874,"href":"https:\/\/hr-consult-group.de\/fr\/wp-json\/wp\/v2\/pages\/718\/revisions\/4874"}],"up":[{"embeddable":true,"href":"https:\/\/hr-consult-group.de\/fr\/wp-json\/wp\/v2\/pages\/243"}],"wp:attachment":[{"href":"https:\/\/hr-consult-group.de\/fr\/wp-json\/wp\/v2\/media?parent=718"}],"curies":[{"name":"wp","href":"https:\/\/api.w.org\/{rel}","templated":true}]}}